{"id":1361,"date":"2017-09-25T14:19:03","date_gmt":"2017-09-25T12:19:03","guid":{"rendered":"https:\/\/www.hacklbauer.at\/farm\/"},"modified":"2018-08-28T16:47:03","modified_gmt":"2018-08-28T14:47:03","slug":"farma","status":"publish","type":"page","link":"https:\/\/www.hacklbauer.at\/cs\/farma\/","title":{"rendered":"Farma"},"content":{"rendered":"<div class=\"wpb-content-wrapper\"><p>[vc_row][vc_column][vc_column_text]<\/p>\n<h1>Farma\u0159en\u00ed u Hacklbauera<\/h1>\n<h2>\u017eivot na farm\u011b v Altenmarktu, spolkov\u00e1 zem\u011b Salzburg<\/h2>\n<p>[\/vc_column_text][\/vc_column][\/vc_row][vc_row][vc_column][vc_column_text]Na na\u0161\u00ed tradi\u010dn\u00ed <a href=\"https:\/\/www.hacklbauer.at\/cs\/\">rodov\u00e9 farm\u011b Hacklbauer<\/a>, kter\u00e1 <strong>produkuje ml\u00e9ko<\/strong> a <strong>chov\u00e1 zv\u00ed\u0159ata<\/strong>, je po\u0159\u00e1d co d\u011blat. Zv\u00ed\u0159ata mus\u00ed b\u00fdt nakrmena, seno nasu\u0161eno a pozemky obd\u011bl\u00e1ny&#8230; <a href=\"https:\/\/www.hacklbauer.at\/familie-tradition\/\">Rodina Walchhoferova<\/a> s radost\u00ed p\u0159ijme ka\u017edou pomocnou ruku. Va\u0161e d\u011bti mohou poznat zbl\u00edzka <a href=\"https:\/\/www.hacklbauer.at\/cs\/rodina-farma-dovolena-altenmarkt\/\">\u017eivot na farm\u011b<\/a>, pom\u00e1hat ve st\u00e1j\u00edch nebo se projet na pon\u00edkovi.[\/vc_column_text][\/vc_column][\/vc_row][vc_row full_width=&#8221;stretch_row&#8221; bg_type=&#8221;bg_color&#8221; el_class=&#8221;hintergrund&#8221; bg_color_value=&#8221;#ffffff&#8221;][vc_column][vc_row_inner][vc_column_inner]<div id=\"ult-carousel-59708920969f15cd67da81\" class=\"ult-carousel-wrapper   ult_horizontal\" data-gutter=\"15\" data-rtl=\"false\" ><div class=\"ult-carousel-156402121869f15cd67d92b \" >[vc_single_image image=&#8221;448&#8243; img_size=&#8221;medium&#8221; onclick=&#8221;link_image&#8221;][vc_single_image image=&#8221;722&#8243; img_size=&#8221;medium&#8221; onclick=&#8221;link_image&#8221;][vc_single_image image=&#8221;447&#8243; img_size=&#8221;medium&#8221; onclick=&#8221;link_image&#8221;][vc_single_image image=&#8221;721&#8243; img_size=&#8221;medium&#8221; onclick=&#8221;link_image&#8221;][vc_single_image image=&#8221;446&#8243; img_size=&#8221;medium&#8221; onclick=&#8221;link_image&#8221;][vc_single_image image=&#8221;445&#8243; img_size=&#8221;medium&#8221; onclick=&#8221;link_image&#8221;]<\/div><\/div>\t\t\t<script type=\"text\/javascript\">\n\t\t\t\tjQuery(document).ready(function ($) {\n\t\t\t\t\tif( typeof jQuery('.ult-carousel-156402121869f15cd67d92b').slick == \"function\"){\n\t\t\t\t\t\t$('.ult-carousel-156402121869f15cd67d92b').slick({dots: true,autoplay: true,autoplaySpeed: \"5000\",speed: \"300\",infinite: true,arrows: true,nextArrow: '<button type=\"button\" role=\"button\" aria-label=\"Next\" style=\"color:#0a0a0a; font-size:70px;\" class=\"slick-next default\"><i class=\"ultsl-arrow-right6\"><\/i><\/button>',prevArrow: '<button type=\"button\" role=\"button\" aria-label=\"Previous\" style=\"color:#0a0a0a; font-size:70px;\" class=\"slick-prev default\"><i class=\"ultsl-arrow-left6\"><\/i><\/button>',slidesToScroll:2,slidesToShow:2,swipe: true,draggable: true,touchMove: true,pauseOnHover: true,pauseOnFocus: false,responsive: [\n\t\t\t\t\t\t\t{\n\t\t\t\t\t\t\t  breakpoint: 1026,\n\t\t\t\t\t\t\t  settings: {\n\t\t\t\t\t\t\t\tslidesToShow: 2,\n\t\t\t\t\t\t\t\tslidesToScroll: 2,  \n\t\t\t\t\t\t\t  }\n\t\t\t\t\t\t\t},\n\t\t\t\t\t\t\t{\n\t\t\t\t\t\t\t  breakpoint: 1025,\n\t\t\t\t\t\t\t  settings: {\n\t\t\t\t\t\t\t\tslidesToShow: 1,\n\t\t\t\t\t\t\t\tslidesToScroll: 1\n\t\t\t\t\t\t\t  }\n\t\t\t\t\t\t\t},\n\t\t\t\t\t\t\t{\n\t\t\t\t\t\t\t  breakpoint: 760,\n\t\t\t\t\t\t\t  settings: {\n\t\t\t\t\t\t\t\tslidesToShow: 1,\n\t\t\t\t\t\t\t\tslidesToScroll: 1\n\t\t\t\t\t\t\t  }\n\t\t\t\t\t\t\t}\n\t\t\t\t\t\t],pauseOnDotsHover: true,customPaging: function(slider, i) {\n                   return '<i type=\"button\" style= \"color:#0a0a0a;\" class=\"ultsl-record\" data-role=\"none\"><\/i>';\n                },});\n\t\t\t\t\t}\n\t\t\t\t});\n\t\t\t<\/script>\n\t\t\t[\/vc_column_inner][\/vc_row_inner][vc_column_text]<\/p>\n<h3 style=\"text-align: center;\"><img decoding=\"async\" class=\"alignnone size-full wp-image-22\" src=\"https:\/\/www.hacklbauer.at\/wp-content\/uploads\/deko-gruen-l.png\" alt=\"Deko gr\u00fcn\" width=\"34\" height=\"41\" \/>Farma na pastvin\u00e1ch s produkc\u00ed ml\u00e9ka<img decoding=\"async\" class=\"alignnone size-full wp-image-23\" src=\"https:\/\/www.hacklbauer.at\/wp-content\/uploads\/deko-gruen-r.png\" alt=\"Deko Gr\u00fcn\" width=\"34\" height=\"41\" \/><\/h3>\n<p>[\/vc_column_text][vc_column_text]<a href=\"https:\/\/www.hacklbauer.at\/cs\/\">Hacklbauer<\/a> je <strong>ml\u00e9\u010dn\u00e1 farma<\/strong> s vlastn\u00edmi <strong>pastvinami<\/strong> a <strong>zv\u00ed\u0159aty<\/strong>. Moment\u00e1ln\u011b m\u00e1me 20 krav, 6 tel\u00e1tek-holek a 6 tel\u00e1tek-kluk\u016f. Telata tr\u00e1v\u00ed <a href=\"https:\/\/www.hacklbauer.at\/fruehling-sommer-herbst-altenmarkt\/\">l\u00e9to<\/a> v Zauchensee na alpsk\u00fdch vysokohorsk\u00fdch pastvin\u00e1ch. Dosp\u011bl\u00e9 kr\u00e1vy se pasou doma na louk\u00e1ch, jejich ml\u00e9ko dod\u00e1v\u00e1me do v\u00fdborn\u00fdch v\u00fdrobk\u016f firmy<strong> &#8220;SalzburgMilch&#8221;<\/strong>. Na na\u0161\u00ed farm\u011b si m\u016f\u017eete vyzkou\u0161et opravdov\u00fd <a href=\"https:\/\/www.hacklbauer.at\/cs\/zvirata-bylinky-zahrada\/\">\u017eivot farm\u00e1\u0159e<\/a>. Kdy\u017e to po\u010das\u00ed dovol\u00ed, za\u010d\u00edn\u00e1 v kv\u011btnu pr\u00e1ce se sek\u00e1n\u00edm tr\u00e1vy a su\u0161en\u00edm sena. Senem krm\u00edme v <a href=\"https:\/\/www.hacklbauer.at\/cs\/zima-lyze-dovolena-ski-amade\/\">zim\u011b<\/a> na\u0161e zv\u00ed\u0159ata. Na za\u010d\u00e1tku jara hnoj\u00edme louky, aby v\u0161echno dob\u0159e rostlo.[\/vc_column_text][\/vc_column][\/vc_row][vc_row][vc_column][vc_column_text]<\/p>\n<h6 style=\"text-align: center;\"><img decoding=\"async\" class=\"alignnone size-full wp-image-27\" src=\"https:\/\/www.hacklbauer.at\/wp-content\/uploads\/deko-rot-l.png\" alt=\"Deko rot\" width=\"35\" height=\"44\" \/>Historie rodov\u00e9 farmy<img decoding=\"async\" class=\"alignnone size-full wp-image-28\" src=\"https:\/\/www.hacklbauer.at\/wp-content\/uploads\/deko-rot-r.png\" alt=\"\" width=\"35\" height=\"44\" \/><\/h6>\n<p>[\/vc_column_text][vc_row_inner][vc_column_inner width=&#8221;1\/3&#8243;][vc_single_image image=&#8221;441&#8243; img_size=&#8221;medium&#8221; onclick=&#8221;link_image&#8221; css=&#8221;.vc_custom_1515580497772{margin-bottom: 30px !important;}&#8221;][vc_single_image image=&#8221;831&#8243; img_size=&#8221;medium&#8221; onclick=&#8221;link_image&#8221; css=&#8221;.vc_custom_1515580459628{margin-top: 20px !important;}&#8221;][\/vc_column_inner][vc_column_inner width=&#8221;2\/3&#8243;][vc_column_text css=&#8221;.vc_custom_1525715404900{margin-bottom: 20px !important;}&#8221;]Na\u0161e farma je ve vlastnictv\u00ed rodiny Walchhofer\u016f u\u017e od roku 1721. 24. \u0159\u00edjna 1979 byla ofici\u00e1ln\u011b ocen\u011bna \u010destn\u00fdm titulem <strong>&#8220;Tradi\u010dn\u00ed rodov\u00e1 farma&#8221;<\/strong>. V roce 1998 jsme p\u0159evzali farmu od na\u0161ich rodi\u010d\u016f a v roce 2004 jsme ji renovovali.[\/vc_column_text][vc_column_text]Postavili jsme novou st\u0159echu, opravili v\u0161echny balkony, instalovali nov\u00fd syst\u00e9m vyt\u00e1p\u011bn\u00ed na ekologickou biomasu a z\u0159\u00eddili mok\u0159ady pro \u010di\u0161t\u011bn\u00ed odpadn\u00edch vod. N\u00e1sleduj\u00edc\u00ed rok p\u0159i\u0161ly na \u0159adu interi\u00e9ry, pro kter\u00e9 jsme vyrobili n\u00e1bytek z m\u00edstn\u00edho d\u0159eva. 26. prosince 2005 se u n\u00e1s ubytovali prvn\u00ed host\u00e9 a od t\u00e9 doby se t\u011b\u0161\u00edme st\u00e1le v\u011bt\u0161\u00ed oblib\u011b u mnoha na\u0161ich host\u016f, kte\u0159\u00ed se k n\u00e1m r\u00e1di a opakovan\u011b vracej\u00ed.[\/vc_column_text][\/vc_column_inner][\/vc_row_inner][\/vc_column][\/vc_row][vc_row][vc_column width=&#8221;1\/3&#8243;][vc_column_text]<span class=\"button-block\"><a href=\"https:\/\/www.hacklbauer.at\/cs\/rodina-farma-dovolena-altenmarkt\/\">Z\u00e1bava &amp; hry<\/a><\/span>[\/vc_column_text][\/vc_column][vc_column width=&#8221;1\/3&#8243;][vc_column_text]<span class=\"button-block\"><a href=\"https:\/\/www.hacklbauer.at\/cs\/zvirata-bylinky-zahrada\/\">Zv\u00ed\u0159ata &amp; bylinkov\u00e1 zahrada<\/a><\/span>[\/vc_column_text][\/vc_column][vc_column width=&#8221;1\/3&#8243;][vc_column_text]<span class=\"button-block\"><a href=\"https:\/\/www.hacklbauer.at\/cs\/program-dest-den\/\">Program pro de\u0161tiv\u00fd den<\/a><\/span>[\/vc_column_text][\/vc_column][\/vc_row]<\/p>\n<\/div>","protected":false},"excerpt":{"rendered":"<p>[vc_row][vc_column][vc_column_text] Farma\u0159en\u00ed u Hacklbauera \u017eivot na farm\u011b v Altenmarktu, spolkov\u00e1 zem\u011b Salzburg [\/vc_column_text][\/vc_column][\/vc_row][vc_row][vc_column][vc_column_text]Na na\u0161\u00ed tradi\u010dn\u00ed rodov\u00e9 farm\u011b Hacklbauer, kter\u00e1 produkuje ml\u00e9ko a chov\u00e1 zv\u00ed\u0159ata, je po\u0159\u00e1d co d\u011blat. Zv\u00ed\u0159ata mus\u00ed b\u00fdt nakrmena, seno nasu\u0161eno a pozemky obd\u011bl\u00e1ny&#8230; Rodina Walchhoferova s radost\u00ed p\u0159ijme ka\u017edou pomocnou ruku. Va\u0161e d\u011bti mohou poznat zbl\u00edzka \u017eivot na farm\u011b, pom\u00e1hat ve &hellip;<\/p>\n\n<p><a class=\"readmore btn btn-default btn-default btn-block\" href=\"https:\/\/www.hacklbauer.at\/cs\/farma\/\">Read More<\/a><\/p>","protected":false},"author":1,"featured_media":1363,"parent":0,"menu_order":0,"comment_status":"closed","ping_status":"closed","template":"","meta":{"footnotes":""},"class_list":["post-1361","page","type-page","status-publish","has-post-thumbnail","hentry"],"yoast_head":"<!-- This site is optimized with the Yoast SEO plugin v27.4 - https:\/\/yoast.com\/product\/yoast-seo-wordpress\/ -->\n<title>Farma\u0159en\u00ed &amp; farma - dovolen\u00e1 na statku v Altenmarktu im Pongau<\/title>\n<meta name=\"description\" content=\"Dom\u00e1c\u00ed zv\u00ed\u0159ata, farma produkuj\u00edc\u00ed ml\u00e9ko, vlastn\u00ed chov zv\u00ed\u0159at, louky, tr\u00e1va, seno - poznejte \u017eivot na farm\u011b a statku.\" \/>\n<meta name=\"robots\" content=\"index, follow, max-snippet:-1, max-image-preview:large, max-video-preview:-1\" \/>\n<link rel=\"canonical\" href=\"https:\/\/www.hacklbauer.at\/cs\/farma\/\" \/>\n<meta property=\"og:locale\" content=\"cs_CZ\" \/>\n<meta property=\"og:type\" content=\"article\" \/>\n<meta property=\"og:title\" content=\"Farma\u0159en\u00ed &amp; farma - dovolen\u00e1 na statku v Altenmarktu im Pongau\" \/>\n<meta property=\"og:description\" content=\"Dom\u00e1c\u00ed zv\u00ed\u0159ata, farma produkuj\u00edc\u00ed ml\u00e9ko, vlastn\u00ed chov zv\u00ed\u0159at, louky, tr\u00e1va, seno - poznejte \u017eivot na farm\u011b a statku.\" \/>\n<meta property=\"og:url\" content=\"https:\/\/www.hacklbauer.at\/cs\/farma\/\" \/>\n<meta property=\"og:site_name\" content=\"Bauernhof Hacklbauer\" \/>\n<meta property=\"article:modified_time\" content=\"2018-08-28T14:47:03+00:00\" \/>\n<meta property=\"og:image\" content=\"https:\/\/www.hacklbauer.at\/wp-content\/uploads\/landwirtschaft-hacklbauer-altenmarkt-2.jpg\" \/>\n\t<meta property=\"og:image:width\" content=\"1920\" \/>\n\t<meta property=\"og:image:height\" content=\"800\" \/>\n\t<meta property=\"og:image:type\" content=\"image\/jpeg\" \/>\n<meta name=\"twitter:card\" content=\"summary_large_image\" \/>\n<meta name=\"twitter:label1\" content=\"Odhadovan\u00e1 doba \u010dten\u00ed\" \/>\n\t<meta name=\"twitter:data1\" content=\"3 minuty\" \/>\n<script type=\"application\/ld+json\" class=\"yoast-schema-graph\">{\"@context\":\"https:\\\/\\\/schema.org\",\"@graph\":[{\"@type\":\"WebPage\",\"@id\":\"https:\\\/\\\/www.hacklbauer.at\\\/cs\\\/farma\\\/\",\"url\":\"https:\\\/\\\/www.hacklbauer.at\\\/cs\\\/farma\\\/\",\"name\":\"Farma\u0159en\u00ed & farma - dovolen\u00e1 na statku v Altenmarktu im Pongau\",\"isPartOf\":{\"@id\":\"https:\\\/\\\/www.hacklbauer.at\\\/cs\\\/#website\"},\"primaryImageOfPage\":{\"@id\":\"https:\\\/\\\/www.hacklbauer.at\\\/cs\\\/farma\\\/#primaryimage\"},\"image\":{\"@id\":\"https:\\\/\\\/www.hacklbauer.at\\\/cs\\\/farma\\\/#primaryimage\"},\"thumbnailUrl\":\"https:\\\/\\\/www.hacklbauer.at\\\/wp-content\\\/uploads\\\/landwirtschaft-hacklbauer-altenmarkt-2.jpg\",\"datePublished\":\"2017-09-25T12:19:03+00:00\",\"dateModified\":\"2018-08-28T14:47:03+00:00\",\"description\":\"Dom\u00e1c\u00ed zv\u00ed\u0159ata, farma produkuj\u00edc\u00ed ml\u00e9ko, vlastn\u00ed chov zv\u00ed\u0159at, louky, tr\u00e1va, seno - poznejte \u017eivot na farm\u011b a statku.\",\"breadcrumb\":{\"@id\":\"https:\\\/\\\/www.hacklbauer.at\\\/cs\\\/farma\\\/#breadcrumb\"},\"inLanguage\":\"cs\",\"potentialAction\":[{\"@type\":\"ReadAction\",\"target\":[\"https:\\\/\\\/www.hacklbauer.at\\\/cs\\\/farma\\\/\"]}]},{\"@type\":\"ImageObject\",\"inLanguage\":\"cs\",\"@id\":\"https:\\\/\\\/www.hacklbauer.at\\\/cs\\\/farma\\\/#primaryimage\",\"url\":\"https:\\\/\\\/www.hacklbauer.at\\\/wp-content\\\/uploads\\\/landwirtschaft-hacklbauer-altenmarkt-2.jpg\",\"contentUrl\":\"https:\\\/\\\/www.hacklbauer.at\\\/wp-content\\\/uploads\\\/landwirtschaft-hacklbauer-altenmarkt-2.jpg\",\"width\":1920,\"height\":800},{\"@type\":\"BreadcrumbList\",\"@id\":\"https:\\\/\\\/www.hacklbauer.at\\\/cs\\\/farma\\\/#breadcrumb\",\"itemListElement\":[{\"@type\":\"ListItem\",\"position\":1,\"name\":\"Dom\u016f\",\"item\":\"https:\\\/\\\/www.hacklbauer.at\\\/cs\\\/\"},{\"@type\":\"ListItem\",\"position\":2,\"name\":\"Farma\"}]},{\"@type\":\"WebSite\",\"@id\":\"https:\\\/\\\/www.hacklbauer.at\\\/cs\\\/#website\",\"url\":\"https:\\\/\\\/www.hacklbauer.at\\\/cs\\\/\",\"name\":\"Bauernhof Hacklbauer\",\"description\":\"Ferienwohnungen in Altenmarkt\",\"potentialAction\":[{\"@type\":\"SearchAction\",\"target\":{\"@type\":\"EntryPoint\",\"urlTemplate\":\"https:\\\/\\\/www.hacklbauer.at\\\/cs\\\/?s={search_term_string}\"},\"query-input\":{\"@type\":\"PropertyValueSpecification\",\"valueRequired\":true,\"valueName\":\"search_term_string\"}}],\"inLanguage\":\"cs\"}]}<\/script>\n<!-- \/ Yoast SEO plugin. -->","yoast_head_json":{"title":"Farma\u0159en\u00ed & farma - dovolen\u00e1 na statku v Altenmarktu im Pongau","description":"Dom\u00e1c\u00ed zv\u00ed\u0159ata, farma produkuj\u00edc\u00ed ml\u00e9ko, vlastn\u00ed chov zv\u00ed\u0159at, louky, tr\u00e1va, seno - poznejte \u017eivot na farm\u011b a statku.","robots":{"index":"index","follow":"follow","max-snippet":"max-snippet:-1","max-image-preview":"max-image-preview:large","max-video-preview":"max-video-preview:-1"},"canonical":"https:\/\/www.hacklbauer.at\/cs\/farma\/","og_locale":"cs_CZ","og_type":"article","og_title":"Farma\u0159en\u00ed & farma - dovolen\u00e1 na statku v Altenmarktu im Pongau","og_description":"Dom\u00e1c\u00ed zv\u00ed\u0159ata, farma produkuj\u00edc\u00ed ml\u00e9ko, vlastn\u00ed chov zv\u00ed\u0159at, louky, tr\u00e1va, seno - poznejte \u017eivot na farm\u011b a statku.","og_url":"https:\/\/www.hacklbauer.at\/cs\/farma\/","og_site_name":"Bauernhof Hacklbauer","article_modified_time":"2018-08-28T14:47:03+00:00","og_image":[{"width":1920,"height":800,"url":"https:\/\/www.hacklbauer.at\/wp-content\/uploads\/landwirtschaft-hacklbauer-altenmarkt-2.jpg","type":"image\/jpeg"}],"twitter_card":"summary_large_image","twitter_misc":{"Odhadovan\u00e1 doba \u010dten\u00ed":"3 minuty"},"schema":{"@context":"https:\/\/schema.org","@graph":[{"@type":"WebPage","@id":"https:\/\/www.hacklbauer.at\/cs\/farma\/","url":"https:\/\/www.hacklbauer.at\/cs\/farma\/","name":"Farma\u0159en\u00ed & farma - dovolen\u00e1 na statku v Altenmarktu im Pongau","isPartOf":{"@id":"https:\/\/www.hacklbauer.at\/cs\/#website"},"primaryImageOfPage":{"@id":"https:\/\/www.hacklbauer.at\/cs\/farma\/#primaryimage"},"image":{"@id":"https:\/\/www.hacklbauer.at\/cs\/farma\/#primaryimage"},"thumbnailUrl":"https:\/\/www.hacklbauer.at\/wp-content\/uploads\/landwirtschaft-hacklbauer-altenmarkt-2.jpg","datePublished":"2017-09-25T12:19:03+00:00","dateModified":"2018-08-28T14:47:03+00:00","description":"Dom\u00e1c\u00ed zv\u00ed\u0159ata, farma produkuj\u00edc\u00ed ml\u00e9ko, vlastn\u00ed chov zv\u00ed\u0159at, louky, tr\u00e1va, seno - poznejte \u017eivot na farm\u011b a statku.","breadcrumb":{"@id":"https:\/\/www.hacklbauer.at\/cs\/farma\/#breadcrumb"},"inLanguage":"cs","potentialAction":[{"@type":"ReadAction","target":["https:\/\/www.hacklbauer.at\/cs\/farma\/"]}]},{"@type":"ImageObject","inLanguage":"cs","@id":"https:\/\/www.hacklbauer.at\/cs\/farma\/#primaryimage","url":"https:\/\/www.hacklbauer.at\/wp-content\/uploads\/landwirtschaft-hacklbauer-altenmarkt-2.jpg","contentUrl":"https:\/\/www.hacklbauer.at\/wp-content\/uploads\/landwirtschaft-hacklbauer-altenmarkt-2.jpg","width":1920,"height":800},{"@type":"BreadcrumbList","@id":"https:\/\/www.hacklbauer.at\/cs\/farma\/#breadcrumb","itemListElement":[{"@type":"ListItem","position":1,"name":"Dom\u016f","item":"https:\/\/www.hacklbauer.at\/cs\/"},{"@type":"ListItem","position":2,"name":"Farma"}]},{"@type":"WebSite","@id":"https:\/\/www.hacklbauer.at\/cs\/#website","url":"https:\/\/www.hacklbauer.at\/cs\/","name":"Bauernhof Hacklbauer","description":"Ferienwohnungen in Altenmarkt","potentialAction":[{"@type":"SearchAction","target":{"@type":"EntryPoint","urlTemplate":"https:\/\/www.hacklbauer.at\/cs\/?s={search_term_string}"},"query-input":{"@type":"PropertyValueSpecification","valueRequired":true,"valueName":"search_term_string"}}],"inLanguage":"cs"}]}},"_links":{"self":[{"href":"https:\/\/www.hacklbauer.at\/cs\/wp-json\/wp\/v2\/pages\/1361","targetHints":{"allow":["GET"]}}],"collection":[{"href":"https:\/\/www.hacklbauer.at\/cs\/wp-json\/wp\/v2\/pages"}],"about":[{"href":"https:\/\/www.hacklbauer.at\/cs\/wp-json\/wp\/v2\/types\/page"}],"author":[{"embeddable":true,"href":"https:\/\/www.hacklbauer.at\/cs\/wp-json\/wp\/v2\/users\/1"}],"replies":[{"embeddable":true,"href":"https:\/\/www.hacklbauer.at\/cs\/wp-json\/wp\/v2\/comments?post=1361"}],"version-history":[{"count":0,"href":"https:\/\/www.hacklbauer.at\/cs\/wp-json\/wp\/v2\/pages\/1361\/revisions"}],"wp:featuredmedia":[{"embeddable":true,"href":"https:\/\/www.hacklbauer.at\/cs\/wp-json\/wp\/v2\/media\/1363"}],"wp:attachment":[{"href":"https:\/\/www.hacklbauer.at\/cs\/wp-json\/wp\/v2\/media?parent=1361"}],"curies":[{"name":"wp","href":"https:\/\/api.w.org\/{rel}","templated":true}]}}